{"id":67,"date":"2015-07-14T14:48:40","date_gmt":"2015-07-14T14:48:40","guid":{"rendered":"http:\/\/langholf.net\/?page_id=67"},"modified":"2023-12-10T10:29:23","modified_gmt":"2023-12-10T10:29:23","slug":"kuenstlerin","status":"publish","type":"page","link":"https:\/\/langholf.net\/eo\/kuenstlerin","title":{"rendered":"K\u00fcnstlerin"},"content":{"rendered":"<div id=\"pl-67\"  class=\"panel-layout\" ><div id=\"pg-67-0\"  class=\"panel-grid panel-no-style\" ><div id=\"pgc-67-0-0\"  class=\"panel-grid-cell\" ><div id=\"panel-67-0-0-0\" class=\"so-panel widget widget_sow-image panel-first-child panel-last-child\" data-index=\"0\" ><div class=\"panel-widget-style panel-widget-style-for-67-0-0-0\" ><div\n\t\t\t\n\t\t\tclass=\"so-widget-sow-image so-widget-sow-image-default-8b5b6f678277-67\"\n\t\t\t\n\t\t>\n<div class=\"sow-image-container\">\n\t\t<img \n\tsrc=\"https:\/\/langholf.net\/wp-content\/uploads\/2015\/07\/Weben1-e1436885673159.jpeg\" width=\"639\" height=\"634\" srcset=\"https:\/\/langholf.net\/wp-content\/uploads\/2015\/07\/Weben1-e1436885673159.jpeg 639w, https:\/\/langholf.net\/wp-content\/uploads\/2015\/07\/Weben1-e1436885673159-150x150.jpeg 150w, https:\/\/langholf.net\/wp-content\/uploads\/2015\/07\/Weben1-e1436885673159-300x298.jpeg 300w\" sizes=\"(max-width: 639px) 100vw, 639px\" title=\"Ich im Alter von 3 Jahren\" alt=\"Mit 3 Jahren beim Weben\" \t\tclass=\"so-widget-image\"\/>\n\t<\/div>\n\n<\/div><\/div><\/div><\/div><div id=\"pgc-67-0-1\"  class=\"panel-grid-cell\" ><div id=\"panel-67-0-1-0\" class=\"so-panel widget widget_black-studio-tinymce widget_black_studio_tinymce panel-first-child panel-last-child\" data-index=\"1\" ><div class=\"textwidget\"><p>Die Kunst besch\u00e4ftigt mich schon fast mein ganzes Leben lang. \u00a0<br \/>Die Begeisterung f\u00fcr sie wurde mir teilweise schon \u201ein die Wiege gelegt\u201c:<\/p>\n<p>Meine Gro\u00dfmutter Edith Schaar ist freischaffende K\u00fcnstlerin (Malerei, Tapisserien), mein Vater ist Kunsttherapeut und meine Mutter betrieb viele Jahre lang nebenberuflich eine Pflanzenf\u00e4rberei.\u00a0<br \/>So kam es, dass ich schon von Kindesbeinen an viel malen, weben und t\u00f6pfern durfte und sich bei mir bald der Wunsch einstellte K\u00fcnstlerin zu werden.<br \/>Durch den Besuch einer Waldorfschule wurden meine k\u00fcnstlerischen F\u00e4higkeiten sehr gef\u00f6rdert und ich konnte au\u00dferdem viele handwerkliche Techniken wie z.B. Kupfertreiben, Schnitzen, N\u00e4hen, Spinnen und Buchbinden lernen. Durch die Schulzeit kam ich auch mit anderen Themen in Ber\u00fchrung und entwickelte bald eine Liebe zur Mathematik und naturwissenschaftlichen F\u00e4chern.<\/p>\n<p>\u00a0<\/p>\n<\/div><\/div><\/div><div id=\"pgc-67-0-2\"  class=\"panel-grid-cell\" ><div id=\"panel-67-0-2-0\" class=\"so-panel widget widget_sow-image panel-first-child panel-last-child\" data-index=\"2\" ><div\n\t\t\t\n\t\t\tclass=\"so-widget-sow-image so-widget-sow-image-default-8b5b6f678277-67\"\n\t\t\t\n\t\t>\n<div class=\"sow-image-container\">\n\t\t<img \n\tsrc=\"https:\/\/langholf.net\/wp-content\/uploads\/2015\/09\/Malen-Neuseeland.jpg\" width=\"1080\" height=\"1079\" srcset=\"https:\/\/langholf.net\/wp-content\/uploads\/2015\/09\/Malen-Neuseeland.jpg 1080w, https:\/\/langholf.net\/wp-content\/uploads\/2015\/09\/Malen-Neuseeland-150x150.jpg 150w, https:\/\/langholf.net\/wp-content\/uploads\/2015\/09\/Malen-Neuseeland-300x300.jpg 300w, https:\/\/langholf.net\/wp-content\/uploads\/2015\/09\/Malen-Neuseeland-1024x1024.jpg 1024w\" sizes=\"(max-width: 1080px) 100vw, 1080px\" title=\"Bemalen eines Busses in Neuseeland\" alt=\"\" \t\tclass=\"so-widget-image\"\/>\n\t<\/div>\n\n<\/div><\/div><\/div><\/div><div id=\"pg-67-1\"  class=\"panel-grid panel-no-style\" ><div id=\"pgc-67-1-0\"  class=\"panel-grid-cell\" ><div id=\"panel-67-1-0-0\" class=\"so-panel widget widget_sow-image panel-first-child panel-last-child\" data-index=\"3\" ><div\n\t\t\t\n\t\t\tclass=\"so-widget-sow-image so-widget-sow-image-default-8b5b6f678277-67\"\n\t\t\t\n\t\t>\n<div class=\"sow-image-container\">\n\t\t<img \n\tsrc=\"https:\/\/langholf.net\/wp-content\/uploads\/2015\/07\/Weben2-e1443343299265.jpg\" width=\"679\" height=\"638\" sizes=\"(max-width: 679px) 100vw, 679px\" title=\"Beim Weben \" alt=\"\" \t\tclass=\"so-widget-image\"\/>\n\t<\/div>\n\n<\/div><\/div><\/div><div id=\"pgc-67-1-1\"  class=\"panel-grid-cell\" ><div id=\"panel-67-1-1-0\" class=\"so-panel widget widget_black-studio-tinymce widget_black_studio_tinymce panel-first-child panel-last-child\" data-index=\"4\" ><div class=\"textwidget\"><p>Im Alter von 9 Jahren habe ich meine ersten Leinw\u00e4nde bespannt, mit Hasenleim grundiert und mit Eitempera bemalt. In den folgenden Jahren habe ich mehrere regionale Malwettbewerbe gewonnen.<br \/>\n2001 erarbeitete ich mir die Pflanzenf\u00e4rberei in ihrer ganzen Bandbreite vom Sammeln der Pflanzen \u00fcbers Beizen bis hin zum F\u00e4rben.<br \/>\nAn einem gro\u00dfen Flachwebstuhl mit Kontermarscheinrichtung mit 4 Sch\u00e4ften und 6 Tritten webte ich aus den pflanzengef\u00e4rbten Garnen Stoffe mit einer Gesamtl\u00e4nge von 21 Metern.<br \/>\nNeben dem Studium der Physik fertigte ich Bilder in einer Mischtechnik von \u00d6lkreide, Buntstift und Wasserfarben und habe mich dann der \u00d6lmalerei angen\u00e4hert. In den letzten Jahren habe ich vor allem diese Technik weiter verfolgt und mit \u00d6l auf Leinwand gemalt. <\/p>\n<p>Meine Gem\u00e4lde sind oft ein Spiegel innerer Bilder und entstehen in der Auseinandersetzung mit meinen Gef\u00fchlen und Erlebnissen. In meist sehr farbenpr\u00e4chtigen Darstellungen versuche ich gerade das einzufangen, was \u00fcber das rein Gegenst\u00e4ndliche hinausgeht.<br \/>\nIch war Mitglied im Verein Studio f\u00fcr Malerei Ingelfingen e.V. und 8 Jahren im Langenburger Malkreis Regenbogen aktiv.<\/p>\n<\/div><\/div><\/div><div id=\"pgc-67-1-2\"  class=\"panel-grid-cell\" ><div id=\"panel-67-1-2-0\" class=\"so-panel widget widget_sow-image panel-first-child\" data-index=\"5\" ><div\n\t\t\t\n\t\t\tclass=\"so-widget-sow-image so-widget-sow-image-default-8b5b6f678277-67\"\n\t\t\t\n\t\t>\n<div class=\"sow-image-container\">\n\t\t<img \n\tsrc=\"https:\/\/langholf.net\/wp-content\/uploads\/2016\/10\/Malen-Malkreis-e1475826340776.jpg\" width=\"655\" height=\"635\" sizes=\"(max-width: 655px) 100vw, 655px\" title=\"Malen beim Malkreis\" alt=\"\" \t\tclass=\"so-widget-image\"\/>\n\t<\/div>\n\n<\/div><\/div><div id=\"panel-67-1-2-1\" class=\"so-panel widget widget_sow-button panel-last-child\" data-index=\"6\" ><div\n\t\t\t\n\t\t\tclass=\"so-widget-sow-button so-widget-sow-button-flat-f54c0409268f-67\"\n\t\t\t\n\t\t><div class=\"ow-button-base ow-button-align-center\"\n>\n\t\t\t<a\n\t\t\t\t\thref=\"https:\/\/langholf.net\/eo\/musik\"\n\t\t\t\t\tclass=\"sowb-button ow-icon-placement-bottom ow-button-hover\" \t>\n\t\t<span>\n\t\t\t\n\t\t\tWerdegang als Musikerin\t\t<\/span>\n\t\t\t<\/a>\n\t<\/div>\n<\/div><\/div><\/div><\/div><\/div>","protected":false},"excerpt":{"rendered":"<p>Die Kunst besch\u00e4ftigt mich schon fast mein ganzes Leben lang. \u00a0Die Begeisterung f\u00fcr sie wurde mir teilweise schon \u201ein die Wiege gelegt\u201c:Meine Gro\u00dfmutter Edith Schaar ist freischaffende K\u00fcnstlerin (Malerei, Tapisserien), mein Vater ist Kunsttherapeut und meine Mutter betrieb viele Jahre lang nebenberuflich eine Pflanzenf\u00e4rberei.\u00a0So kam es, dass ich schon von Kindesbeinen an viel malen, weben [&hellip;]<\/p>\n","protected":false},"author":1,"featured_media":0,"parent":0,"menu_order":4,"comment_status":"closed","ping_status":"closed","template":"","meta":{"footnotes":""},"class_list":["post-67","page","type-page","status-publish","hentry","post"],"translation":{"provider":"WPGlobus","version":"3.0.0","language":"eo","enabled_languages":["de","eo"],"languages":{"de":{"title":true,"content":true,"excerpt":false},"eo":{"title":false,"content":false,"excerpt":false}}},"_links":{"self":[{"href":"https:\/\/langholf.net\/eo\/wp-json\/wp\/v2\/pages\/67","targetHints":{"allow":["GET"]}}],"collection":[{"href":"https:\/\/langholf.net\/eo\/wp-json\/wp\/v2\/pages"}],"about":[{"href":"https:\/\/langholf.net\/eo\/wp-json\/wp\/v2\/types\/page"}],"author":[{"embeddable":true,"href":"https:\/\/langholf.net\/eo\/wp-json\/wp\/v2\/users\/1"}],"replies":[{"embeddable":true,"href":"https:\/\/langholf.net\/eo\/wp-json\/wp\/v2\/comments?post=67"}],"version-history":[{"count":27,"href":"https:\/\/langholf.net\/eo\/wp-json\/wp\/v2\/pages\/67\/revisions"}],"predecessor-version":[{"id":164,"href":"https:\/\/langholf.net\/eo\/wp-json\/wp\/v2\/pages\/67\/revisions\/164"}],"wp:attachment":[{"href":"https:\/\/langholf.net\/eo\/wp-json\/wp\/v2\/media?parent=67"}],"curies":[{"name":"wp","href":"https:\/\/api.w.org\/{rel}","templated":true}]}}